{"id":13,"date":"2026-08-17T16:05:20","date_gmt":"2026-08-17T16:05:20","guid":{"rendered":"https:\/\/diegrafikerin.com\/?page_id=13"},"modified":"2026-08-17T16:05:20","modified_gmt":"2026-08-17T16:05:20","slug":"ueber-mich","status":"publish","type":"page","link":"https:\/\/diegrafikerin.com\/?page_id=13","title":{"rendered":"\u00dcber mich"},"content":{"rendered":"\n<p class=\"wp-block-paragraph\">Schon als kleines Kind habe ich immer anders getickt. W\u00e4hrend andere nicht nachvollziehen konnten was ich sagte oder tat hat mein Vater immer versucht das &#8222;Warum?&#8220; herauszufinden. Er entdeckte auch mein Talent f\u00fcrs k\u00fcnstlerische sehr fr\u00fch und beschrieb mich mit dem Satz &#8222;Du hast einfach eine andere Art des Denkens.&#8220; Ich hab als kleines Kind schon gern und sch\u00f6n gezeichnet. Ich absolvierte die h\u00f6here grafische HTL Zweig Druck und Medientechnik wo ich alles \u2013 von der Druckvorstufe bis zur Endfertigung \u2013 lernte. 2006 habe ich mit Matura abgeschlossen. Mein Beruf ist meine Leidenschaft geworden und diese andere Art des Denkens zeichnet meine Arbeit besonders aus, da ich viele Ideen habe, auf die andere nicht so schnell kommen w\u00fcrden. Ich habe bereits f\u00fcr einige namhafte Kunden gearbeitet und konnte immer wieder mit meinen besonderen Designs \u00fcberzeugen.<\/p>\n\n\n\n<p class=\"wp-block-paragraph\">Ich w\u00fcrde mich freuen auch Ihr Unternehmen in einem ansprechenden Design durch Werbematerialien zu pr\u00e4sentieren. Ich kreiere Printmedien aller Art, schreibe auch gerne Werbetexte und mache nebenbei auch Songwriting. Ich biete einen gesamt Service an, indem ich von Idee, Layout bis Druckdaten Abgabe \u2013 in Abstimmung mit dem Kunden \u2013 \u00fcbernehme. Viele meiner Kunden sch\u00e4tzen dieses Service, da sie sich um diese Schritte nicht zus\u00e4tzlich k\u00fcmmern m\u00fcssen und nur ihre Zustimmung oder \u00c4nderungsw\u00fcnsche erforderlich sind.<\/p>\n\n\n\n<p class=\"wp-block-paragraph\"><\/p>\n","protected":false},"excerpt":{"rendered":"<p>Schon als kleines Kind habe ich immer anders getickt. W\u00e4hrend andere nicht nachvollziehen konnten was ich sagte oder tat hat mein Vater immer versucht das &#8222;Warum?&#8220; herauszufinden. Er entdeckte auch &#8230;<\/p>\n","protected":false},"author":2,"featured_media":0,"parent":0,"menu_order":0,"comment_status":"closed","ping_status":"closed","template":"","meta":{"footnotes":""},"class_list":["post-13","page","type-page","status-publish","hentry"],"_links":{"self":[{"href":"https:\/\/diegrafikerin.com\/index.php?rest_route=\/wp\/v2\/pages\/13","targetHints":{"allow":["GET"]}}],"collection":[{"href":"https:\/\/diegrafikerin.com\/index.php?rest_route=\/wp\/v2\/pages"}],"about":[{"href":"https:\/\/diegrafikerin.com\/index.php?rest_route=\/wp\/v2\/types\/page"}],"author":[{"embeddable":true,"href":"https:\/\/diegrafikerin.com\/index.php?rest_route=\/wp\/v2\/users\/2"}],"replies":[{"embeddable":true,"href":"https:\/\/diegrafikerin.com\/index.php?rest_route=%2Fwp%2Fv2%2Fcomments&post=13"}],"version-history":[{"count":1,"href":"https:\/\/diegrafikerin.com\/index.php?rest_route=\/wp\/v2\/pages\/13\/revisions"}],"predecessor-version":[{"id":14,"href":"https:\/\/diegrafikerin.com\/index.php?rest_route=\/wp\/v2\/pages\/13\/revisions\/14"}],"wp:attachment":[{"href":"https:\/\/diegrafikerin.com\/index.php?rest_route=%2Fwp%2Fv2%2Fmedia&parent=13"}],"curies":[{"name":"wp","href":"https:\/\/api.w.org\/{rel}","templated":true}]}}